{"id":4816,"date":"2026-02-16T10:30:13","date_gmt":"2026-02-16T08:30:13","guid":{"rendered":"https:\/\/ramkool.edu.ee\/lastekool\/?page_id=4816"},"modified":"2026-03-27T18:57:27","modified_gmt":"2026-03-27T16:57:27","slug":"muu-kodukeelega-lapsed","status":"publish","type":"page","link":"https:\/\/ramkool.edu.ee\/lastekool\/mangukool-4-5a\/muu-kodukeelega-lapsed\/","title":{"rendered":"Muu kodukeelega lapsed"},"content":{"rendered":"\n<p><\/p>\n\n\n\n\n\n<p><strong>2026\/2027 \u00f5ppeaastal ootame muu kodukeelega r\u00fchma lapsi, kes on s\u00fcndinud oktoober 2018 \u2013 september 2022.<\/strong><\/p>\n\n\n\n<p><strong>R\u00fchm lastele, kelle emakeel ei ole eesti keel<\/strong><br>Tunnid toimuvad Rocca al Mare Kooli lastekooli koolimajas, Lesta 14.<br>R\u00fchmas kuni 8 last<\/p>\n\n\n\n<div class=\"wp-block-group is-nowrap is-layout-flex wp-container-core-group-is-layout-6c531013 wp-block-group-is-layout-flex\">\n<figure class=\"wp-block-table\"><table><tbody><tr><td>P\u00e4ev<\/td><td>Kellaaeg<\/td><td>Hind<\/td><\/tr><tr><td>Neljap\u00e4ev<\/td><td>14.30-16.15<\/td><td>115 \u20ac<\/td><\/tr><\/tbody><\/table><\/figure>\n<\/div>\n\n\n\n<p><\/p>\n\n\n\n<p><\/p>\n\n\n\n<p><strong>Muu kodukeelega laste r\u00fchm on m\u00f5eldud nendele lastele, kes vajavad eesti keele lisa\u00f5pet.<\/strong><br>Lapses\u00f5bralikus keskkonnas saab arendavate ja p\u00f5nevate tegevuste kaudu tekitada huvi eesti keele vastu, harjutada eesti keele kuulamist ja r\u00e4\u00e4kimist.<br>\u00d5ppimine vaheldub k\u00e4elise tegevuse ja m\u00e4ngimisega ning seda k\u00f5ike tehakse eesti keeles.<br>Tunnis kasutatakse keelek\u00fcmblusmeetodit.<\/p>\n\n\n\n<p>Registreerimiseks on vaja t\u00e4ita\u00a0<strong><a href=\"https:\/\/piksel.ee\/arno\/ramkool\/avaleht\/?\">ANKEET<\/a>.<\/strong> <strong>Registreerimisel valige &#8220;RaM Kooli Lastekooli muu kodukeelega laste r\u00fchm&#8221; ning kindlasti ka 2026\/2027 \u00f5ppeaasta.<\/strong> Registreerimine kestab vabade kohtade olemasoluni.<\/p>\n\n\n\n<p>Kui Teile sobivas r\u00fchmas ei ole vaba kohta, saate panna oma lapse ootenimekirja. Kui keegi loobub kohast, v\u00f5tame \u00fchendust ootenimekirjas olevate peredega.<\/p>\n\n\n\n<p><strong>Eelkooli juhatajal on \u00f5igus vajadusel r\u00fchmi \u00fcmber paigutada v\u00f5i kokku t\u00f5sta.<\/strong><br><strong>NB!<\/strong>&nbsp;Rocca al Mare Kooli eelkoolis k\u00e4imine ei taga sissesaamist RaM Kooli esimesse klassi.<\/p>\n\n\n\n<p>RaM Kooli esimesse klassi vastuv\u00f5tust ning koolivalmidusest saab lugeda&nbsp;<a href=\"https:\/\/ramkool.edu.ee\/vastuvott\/1-klass\/\"><strong>SIIN<\/strong><\/a><\/p>\n\n\n\n<p><strong>T\u00e4psem info&nbsp;<a href=\"mailto:eelkool@ramkool.edu.ee\">eelkool@ramkool.edu.ee<\/a><\/strong><\/p>\n","protected":false},"excerpt":{"rendered":"<p>2026\/2027 \u00f5ppeaastal ootame muu kodukeelega r\u00fchma lapsi,<\/p>\n","protected":false},"author":3,"featured_media":0,"parent":686,"menu_order":23,"comment_status":"closed","ping_status":"closed","template":"gallery-template.php","meta":{"_acf_changed":false,"footnotes":""},"class_list":["post-4816","page","type-page","status-publish","hentry"],"acf":[],"_links":{"self":[{"href":"https:\/\/ramkool.edu.ee\/lastekool\/wp-json\/wp\/v2\/pages\/4816","targetHints":{"allow":["GET"]}}],"collection":[{"href":"https:\/\/ramkool.edu.ee\/lastekool\/wp-json\/wp\/v2\/pages"}],"about":[{"href":"https:\/\/ramkool.edu.ee\/lastekool\/wp-json\/wp\/v2\/types\/page"}],"author":[{"embeddable":true,"href":"https:\/\/ramkool.edu.ee\/lastekool\/wp-json\/wp\/v2\/users\/3"}],"replies":[{"embeddable":true,"href":"https:\/\/ramkool.edu.ee\/lastekool\/wp-json\/wp\/v2\/comments?post=4816"}],"version-history":[{"count":13,"href":"https:\/\/ramkool.edu.ee\/lastekool\/wp-json\/wp\/v2\/pages\/4816\/revisions"}],"predecessor-version":[{"id":5058,"href":"https:\/\/ramkool.edu.ee\/lastekool\/wp-json\/wp\/v2\/pages\/4816\/revisions\/5058"}],"up":[{"embeddable":true,"href":"https:\/\/ramkool.edu.ee\/lastekool\/wp-json\/wp\/v2\/pages\/686"}],"wp:attachment":[{"href":"https:\/\/ramkool.edu.ee\/lastekool\/wp-json\/wp\/v2\/media?parent=4816"}],"curies":[{"name":"wp","href":"https:\/\/api.w.org\/{rel}","templated":true}]}}